{"id":22295,"date":"2023-04-09T15:08:15","date_gmt":"2023-04-09T14:08:15","guid":{"rendered":"http:\/\/www.gabi-suska.de\/?page_id=22295"},"modified":"2024-04-30T12:45:17","modified_gmt":"2024-04-30T11:45:17","slug":"prywatny-kurs-jezyka-niemieckiego","status":"publish","type":"page","link":"http:\/\/www.gabi-suska.de\/?page_id=22295","title":{"rendered":"Prywatny kurs j\u0119zyka niemieckiego"},"content":{"rendered":"\n<figure class=\"wp-block-image size-large is-resized\"><img loading=\"lazy\" decoding=\"async\" width=\"751\" height=\"1024\" src=\"http:\/\/www.gabi-suska.de\/wordpress\/wp-content\/uploads\/2023\/04\/dfgg-751x1024.jpg\" alt=\"\" class=\"wp-image-22304\" style=\"width:188px;height:256px\" srcset=\"http:\/\/www.gabi-suska.de\/wordpress\/wp-content\/uploads\/2023\/04\/dfgg-751x1024.jpg 751w, http:\/\/www.gabi-suska.de\/wordpress\/wp-content\/uploads\/2023\/04\/dfgg-220x300.jpg 220w, http:\/\/www.gabi-suska.de\/wordpress\/wp-content\/uploads\/2023\/04\/dfgg-1126x1536.jpg 1126w, http:\/\/www.gabi-suska.de\/wordpress\/wp-content\/uploads\/2023\/04\/dfgg.jpg 1189w\" sizes=\"auto, (max-width: 751px) 100vw, 751px\" \/><\/figure>\n\n\n\n<p>Udzielam nauki j\u0119zyka niemieckiego <\/p>\n\n\n\n<p class=\"has-blue-color has-text-color has-medium-font-size\"><strong>Tel: 01701618567<\/strong><\/p>\n\n\n\n<p class=\"has-text-align-center has-medium-font-size\"><strong>Warunki<\/strong><\/p>\n\n\n\n<p class=\"has-blue-color has-text-color\"><strong>Dla kogo?<\/strong><\/p>\n\n\n\n<ul class=\"wp-block-list\">\n<li>kurs (A1) &#8211; pocz\u0105tkuj\u0105cy<\/li>\n\n\n\n<li>kurs (A2) &#8211; z ma\u0142ymi podstawami\n<ul class=\"wp-block-list\">\n<li>indywidualne godziny  s\u0105 od A1 do B1 mo\u017cliwe<\/li>\n<\/ul>\n<\/li>\n<\/ul>\n\n\n\n<ul class=\"wp-block-list\">\n<li>tylko doro\u015bli<\/li>\n<\/ul>\n\n\n\n<p class=\"has-blue-color has-text-color has-medium-font-size\"><strong>Formy kurs\u00f3w i taryfy:<\/strong><\/p>\n\n\n\n<p><strong>Kurs grupowy  &#8211; A1 <\/strong>&#8211; (intensywny &#8211; raz na tydzie\u0144)<\/p>\n\n\n\n<ul class=\"wp-block-list\">\n<li>7-8 x po 90 minut<\/li>\n\n\n\n<li>wielko\u015b\u0107 grupy: 3-4 osoby<\/li>\n\n\n\n<li>cz\u0119stotliwo\u015b\u0107  &#8211; raz w tygodniu<\/li>\n\n\n\n<li>\u015broda, 17.30 &#8211; 19.00<\/li>\n\n\n\n<li>6,00 Euro od osoby przy pe\u0142nej grupie ( + op\u0142ata za material)<\/li>\n\n\n\n<li>czas trwania: od marca do ko\u0144ca maja (kurs wiosenny)<\/li>\n<\/ul>\n\n\n\n<p><strong>Kurs grupowy &#8211; A<\/strong>2 &#8211; ( raz na dwa tygodnie)<\/p>\n\n\n\n<ul class=\"wp-block-list\">\n<li>6x po 90 minut<\/li>\n\n\n\n<li>wielko\u015b\u0107 grupy:  4 &#8211; 5 os\u00f3b<\/li>\n\n\n\n<li>cz\u0119stotliwo\u015b\u0107 &#8211; co dwa tygodnie<\/li>\n\n\n\n<li>\u015broda, 17.30 &#8211; 19.00<\/li>\n\n\n\n<li>6,00 Euro od osoby przy pe\u0142nej grupie ( + op\u0142ata za materia\u0142)<\/li>\n\n\n\n<li>czas trwania; od wrze\u015bnia do listopada, co dwa tygodnie (kurs jesienny)<\/li>\n<\/ul>\n\n\n\n<p>&#8230;&#8230;&#8230;&#8230;&#8230;&#8230;&#8230;&#8230;&#8230;&#8230;&#8230;&#8230;&#8230;&#8230;&#8230;&#8230;&#8230;&#8230;.<\/p>\n\n\n\n<ul class=\"wp-block-list\">\n<li><strong>Nauka  indywidualna, 1 osoba:<\/strong><\/li>\n\n\n\n<li>60 minut za 20,00 EUR <\/li>\n<\/ul>\n\n\n\n<ul class=\"wp-block-list\">\n<li><strong>Kurs intensywny,<\/strong> <strong>Para, 2 osoby:<\/strong><\/li>\n\n\n\n<li>75 minut za 10,00 EUR od osoby ( + op\u0142ata za materia\u0142)<\/li>\n\n\n\n<li>Para znajduje si\u0119 sama<\/li>\n<\/ul>\n\n\n\n<p><strong>Terminy i cz\u0119stotliwo\u015b\u0107 dla 1 osoby oraz pary b\u0119d\u0105 konkretnie z uczestnikami om\u00f3wione<\/strong><\/p>\n\n\n\n<p class=\"has-blue-color has-text-color\"><strong>TERMINY- Kalendarz<\/strong><\/p>\n\n\n\n<ul class=\"wp-block-list\">\n<li><strong>Kursy jesienne<a href=\"http:\/\/www.gabi-suska.de\/?page_id=22334\"> (Kurs A2 &#8211; jesie\u0144 2024) &gt;&gt; zobacz terminy (naci\u015bnij)<\/a><\/strong><\/li>\n<\/ul>\n\n\n\n<p class=\"has-medium-font-size\">&#8230;&#8230;&#8230;&#8230;&#8230;&#8230;&#8230;&#8230;&#8230;&#8230;&#8230;&#8230;&#8230;&#8230;&#8230;&#8230;..<\/p>\n\n\n\n<p class=\"has-medium-font-size\"><strong>Dodatkowo do kurs\u00f3w grupowych s\u0105 inne formy nauki mo\u017cliwe:<\/strong><\/p>\n\n\n\n<p class=\"has-blue-color has-text-color has-medium-font-size\">B &#8211; <strong>Poszczeg\u00f3lne bloki tematyczne i gramatyczne<\/strong><\/p>\n\n\n\n<p>W odr\u00f3\u017cnieniu od pe\u0142nego kursu, sk\u0142adaj\u0105cego si\u0119 z 7-8 jednostek lekcyjnych, mo\u017cna wybra\u0107 poszczeg\u00f3lny temat, lub aspekt z gramatyki, kt\u00f3ry kogo\u015b interesuje i samemu okre\u015bli\u0107 ilo\u015b\u0107 i czas.<\/p>\n\n\n\n<p>Taryfa, podobnie jak u g\u00f3ry (kursy) oraz do indywidualnego om\u00f3wienia, w zale\u017cno\u015bci od zakresu materia\u0142u.<\/p>\n\n\n\n<p class=\"has-blue-color has-text-color has-medium-font-size\">C &#8211; <strong>K\u00f3\u0142ka konwersacyjne<\/strong><\/p>\n\n\n\n<p>K\u00f3\u0142ka konwersacyjne mog\u0105 by\u0107 z:<\/p>\n\n\n\n<ul class=\"wp-block-list\">\n<li>tematami wybranymi<\/li>\n<\/ul>\n\n\n\n<ul class=\"wp-block-list\">\n<li>gramatyk\u0105 wybran\u0105<\/li>\n<\/ul>\n\n\n\n<ul class=\"wp-block-list\">\n<li>albo bez temat\u00f3w i gramatyki, za to z naciskiem na bieg\u0142o\u015b\u0107 rozmowy<\/li>\n<\/ul>\n\n\n\n<p>Ilo\u015b\u0107 uczestnik\u00f3w w k\u00f3\u0142ku 3 &#8211; 5 osoby. Czas trwania, oko\u0142o 45  minut.<\/p>\n\n\n\n<p>&#8212;&#8212;&#8212;&#8212;&#8212;&#8212;&#8212;&#8212;&#8212;&#8212;&#8212;-<\/p>\n\n\n\n<p>Cennik <strong> <\/strong>do om\u00f3wienia, w zale\u017cno\u015bci od materia\u0142u, przygotowania, itp &#8211;<\/p>\n\n\n\n<p><\/p>\n\n\n\n<hr class=\"wp-block-separator has-alpha-channel-opacity\"\/>\n\n\n\n<p><\/p>\n\n\n\n<p class=\"has-blue-color has-text-color has-medium-font-size\"><strong>Program:<\/strong><\/p>\n\n\n\n<p>Program jest na nast\u0119pnej stronie &gt;&gt; <strong><a href=\"http:\/\/www.gabi-suska.de\/?page_id=22326\">Program (nacisn\u0105\u0107)<\/a><\/strong><\/p>\n\n\n\n<p><\/p>\n\n\n\n<p class=\"has-blue-color has-text-color\"><strong>Gdzie odbywa si\u0119 kurs?:<\/strong><\/p>\n\n\n\n<p><strong>U mnie w domu, tzn. L\u00fcbbecke (Obermehnen)<\/strong><\/p>\n\n\n\n<p><strong>Wasserbreite, 6 (ulica)<\/strong><\/p>\n\n\n\n<p class=\"has-blue-color has-text-color\"><strong>Cel i spos\u00f3b oraz metoda:<\/strong><\/p>\n\n\n\n<p>Celem jest wychwycenie paru temat\u00f3w, kt\u00f3re dla przesiedle\u0144ca mog\u0105 by\u0107 wa\u017cne (propozycja w programie). Kurs jest tylko ma\u0142ym \u201epopchni\u0119ciem\u201d do przodu, w celu, by si\u0119 samemu zaj\u0105\u0107 powa\u017cnie nauk\u0105, w systemie samouczenia.<\/p>\n\n\n\n<p>Program b\u0119dzie oparty na podr\u0119czniku  oraz dodatkowych materia\u0142ach pomocnych.<\/p>\n\n\n\n<p>Opr\u00f3cz temat\u00f3w, b\u0119dzie om\u00f3wienie  podstaw gramatyki na poziomie A1.<\/p>\n\n\n\n<p><strong>Uczestnik musi si\u0119 te\u017c sam uczy\u0107. Ja b\u0119d\u0119  impulse, przyk\u0142ady i materia\u0142 podawa\u0142a, kt\u00f3re trzeba samemu w domu pog\u0142\u0119bia\u0107 i \u0107wiczy\u0107.<\/strong><\/p>\n\n\n\n<p>B\u0119d\u0105 podawane kr\u00f3tkie zadania domowe, kt\u00f3re na nast\u0119pnej godzinie ustnie si\u0119 przeczyta.<\/p>\n\n\n\n<p>Czego si\u0119 wymaga?<\/p>\n\n\n\n<p>Powrotu do dawnej szkolnej dyscypliny.<\/p>\n\n\n\n<p>Trzeba by\u0107 skoncentrowanym i zaanga\u017cowanym i nie siedzie\u0107 milcz\u0105co jak na kazaniu, lub przeszkadza\u0107 i wym\u0119drkowywa\u0107 si\u0119 przed grup\u0105.<\/p>\n\n\n\n<p class=\"has-blue-color has-text-color\"><strong>Materia\u0142:<\/strong><\/p>\n\n\n\n<p>Uczestnik musi posiada\u0107<\/p>\n\n\n\n<p>zeszyt, cienki skoroszyt na kopie, d\u0142ugopis, telefon z dyktafonem, a\u017ceby przyk\u0142ady sobie nagra\u0107<\/p>\n\n\n\n<p class=\"has-blue-color has-text-color\"><\/p>\n\n\n\n<p class=\"has-blue-color has-text-color\"><strong>Dodatkowe pytania:<\/strong><\/p>\n\n\n\n<p><\/p>\n\n\n\n<p class=\"has-white-color has-text-color\">Zimowych i letnich kurs\u00f3w nie b\u0119dzie, ale jest mo\u017cliwo\u015b\u0107 w Bloku lub K\u00f3\u0142ku uczestniczy\u0107 (informacja do tego jest powy\u017cej)<\/p>\n\n\n\n<p class=\"has-white-color has-text-color\">Prosz\u0119 si\u0119 na FB w Komentarzu meldowa\u0107:<strong> \u201ezainteresowana\/ y\u201d<\/strong> oraz poda\u0107 aktualny numer telefonu kom\u00f3rkowego (mobil).<\/p>\n\n\n\n<p>Aktualne wiadomo\u015bci dla bie\u017c\u0105cego kursu mo\u017cna znale\u017a\u0107 na FB &gt; <a href=\"https:\/\/www.facebook.com\/profile.php?id=100063753560584\"><strong>Kana\u0142 j\u0119zykowy<\/strong><\/a><\/p>\n\n\n\n<p><\/p>\n\n\n\n<p class=\"has-white-color has-text-color\"><strong>Co do mnie:<\/strong><\/p>\n\n\n\n<ul class=\"wp-block-list\">\n<li>sko\u0144czone studia magisterskie w PL<\/li>\n<\/ul>\n\n\n\n<ul class=\"wp-block-list\">\n<li>sko\u0144czone studia dyplomowe (mgr) w Niemczech<\/li>\n<\/ul>\n\n\n\n<ul class=\"wp-block-list\">\n<li>zdobycie tytu\u0142u StR (Studienrat)<\/li>\n<\/ul>\n\n\n\n<ul class=\"wp-block-list\">\n<li>30 lat pracy w szkole w Niemczech typu \u201eGesamtschule\u201d jako nauczycielka, w klasach 5 -12 (od 5 do maturalnej)<\/li>\n<\/ul>\n","protected":false},"excerpt":{"rendered":"<p>Udzielam nauki j\u0119zyka niemieckiego Tel: 01701618567 Warunki Dla kogo? Formy kurs\u00f3w i taryfy: Kurs grupowy &#8211; A1 &#8211; (intensywny &#8211; raz na tydzie\u0144) Kurs grupowy &#8211; A2 &#8211; ( raz na dwa tygodnie) &#8230;&#8230;&#8230;&#8230;&#8230;&#8230;&#8230;&#8230;&#8230;&#8230;&#8230;&#8230;&#8230;&#8230;&#8230;&#8230;&#8230;&#8230;. Terminy i cz\u0119stotliwo\u015b\u0107 dla 1 osoby &hellip; <a href=\"http:\/\/www.gabi-suska.de\/?page_id=22295\">Weiterlesen <span class=\"meta-nav\">&rarr;<\/span><\/a><\/p>\n","protected":false},"author":1,"featured_media":0,"parent":0,"menu_order":0,"comment_status":"closed","ping_status":"closed","template":"","meta":{"ngg_post_thumbnail":0,"footnotes":""},"class_list":["post-22295","page","type-page","status-publish","hentry"],"_links":{"self":[{"href":"http:\/\/www.gabi-suska.de\/index.php?rest_route=\/wp\/v2\/pages\/22295","targetHints":{"allow":["GET"]}}],"collection":[{"href":"http:\/\/www.gabi-suska.de\/index.php?rest_route=\/wp\/v2\/pages"}],"about":[{"href":"http:\/\/www.gabi-suska.de\/index.php?rest_route=\/wp\/v2\/types\/page"}],"author":[{"embeddable":true,"href":"http:\/\/www.gabi-suska.de\/index.php?rest_route=\/wp\/v2\/users\/1"}],"replies":[{"embeddable":true,"href":"http:\/\/www.gabi-suska.de\/index.php?rest_route=%2Fwp%2Fv2%2Fcomments&post=22295"}],"version-history":[{"count":29,"href":"http:\/\/www.gabi-suska.de\/index.php?rest_route=\/wp\/v2\/pages\/22295\/revisions"}],"predecessor-version":[{"id":22406,"href":"http:\/\/www.gabi-suska.de\/index.php?rest_route=\/wp\/v2\/pages\/22295\/revisions\/22406"}],"wp:attachment":[{"href":"http:\/\/www.gabi-suska.de\/index.php?rest_route=%2Fwp%2Fv2%2Fmedia&parent=22295"}],"curies":[{"name":"wp","href":"https:\/\/api.w.org\/{rel}","templated":true}]}}